{"id":3779,"date":"2023-04-09T20:10:29","date_gmt":"2023-04-09T20:10:29","guid":{"rendered":"https:\/\/lovinne.es\/?post_type=product&#038;p=3779"},"modified":"2025-12-31T11:14:35","modified_gmt":"2025-12-31T11:14:35","slug":"lampara-de-diseno-lampara-de-mesa-de-madera-juno-negra","status":"publish","type":"product","link":"https:\/\/lovinne.es\/index.php\/product\/lampara-de-diseno-lampara-de-mesa-de-madera-juno-negra\/","title":{"rendered":"L\u00e1mpara de mesa de madera Juno Negra"},"content":{"rendered":"<table class=\"tg\">\n<thead>\n<tr>\n<td class=\"tg-5gsb\" style=\"text-align: left;\"><span style=\"color: #808080;\">Caracter\u00edsticas<\/span><\/td>\n<td class=\"tg-c6of\" style=\"text-align: left;\"><span style=\"color: #808080;\">Descripci\u00f3n del producto<\/span><\/td>\n<\/tr>\n<\/thead>\n<tbody>\n<tr>\n<td class=\"tg-5gsb\" style=\"vertical-align: top;\" width=\"400px\"><span class=\"fontstyle0\">Material: MDF lacada color negro<br \/>\nAlto: 220mm<br \/>\nDi\u00e1metro mayor: 210mm<br \/>\nCable: Textil El\u00e9ctrico Redondo carb\u00f3n en algod\u00f3n de 120 cm de longitud, color negro. Certificaci\u00f3n IMQ-HAR o UL<br \/>\nPortal\u00e1mparas: Portal\u00e1mparas termopl\u00e1stico rosca E14 color negro<br \/>\nInterruptor: interruptor de paso bipolar color negro<br \/>\nFuente de energ\u00eda: Bombilla no incluida<\/span><br \/>\nUso: interior<br \/>\nComo limpiarla: con plumero o pa\u00f1o h\u00famedo.<br \/>\nPa\u00eds de fabricaci\u00f3n: Espa\u00f1a.<\/td>\n<td class=\"tg-c6of\" style=\"vertical-align: top;\">L\u00e1mpara de mesa montada a mano con madera DM lacada a una cara color negra.<br \/>\nPara idearla utilizamos la t\u00e9cnica de dise\u00f1o param\u00e9trico,\u00a0sus uniones son solo por encastres, no llevan ning\u00fan tipo de pegamentos.<br \/>\nDe l\u00edneas rectas nuestra l\u00e1mpara de sobre mesa Juno representa la sencillez de una idea con estilo \u00fanico.<br \/>\nSus dimensiones son peque\u00f1as ideales para cualquier mesita de noche, estanter\u00edas, muebles de fondo reducido.Es importante mencionar que una vez se considere el fin de su vida \u00fatil se pueden reciclar. De esta manera se crea una \u201cestrategia de circulaci\u00f3n\u201d del producto: crear con un material sostenible y que a largo plazo se puede reciclar con el fin de crear otro nuevo producto.<\/td>\n<\/tr>\n<\/tbody>\n<\/table>\n","protected":false},"excerpt":{"rendered":"<p>L\u00e1mpara de mesa montada a mano con madera DM lacada a una cara <span class=\"fontstyle0\">negra<\/span>.<\/p>\n<p><span style=\"color: #000000;\"><a style=\"color: #000000;\" href=\"#tab-description\"><u>Descripci\u00f3n<\/u><\/a><\/span><\/p>\n","protected":false},"featured_media":3697,"template":"","meta":{"site-sidebar-layout":"default","site-content-layout":"default","ast-main-header-display":"","ast-hfb-above-header-display":"","ast-hfb-below-header-display":"","ast-hfb-mobile-header-display":"","site-post-title":"","ast-breadcrumbs-content":"","ast-featured-img":"","footer-sml-layout":"","theme-transparent-header-meta":"default","adv-header-id-meta":"","stick-header-meta":"","header-above-stick-meta":"","header-main-stick-meta":"","header-below-stick-meta":""},"product_brand":[],"product_cat":[58],"product_tag":[83,79,87,88],"class_list":{"0":"post-3779","1":"product","2":"type-product","3":"status-publish","4":"has-post-thumbnail","6":"product_cat-lamparas-mesa","7":"product_tag-iluminacion","8":"product_tag-lampara","9":"product_tag-lampara-de-diseno-de-madera","10":"product_tag-lampara-de-mesa-de-madera","12":"first","13":"outofstock","14":"shipping-taxable","15":"purchasable","16":"product-type-simple","17":"add-to-wishlist-before_image"},"yoast_head":"<!-- This site is optimized with the Yoast SEO plugin v25.5 - https:\/\/yoast.com\/wordpress\/plugins\/seo\/ -->\n<title>L\u00e1mpara de mesa de madera Juno Negra - Lovinne<\/title>\n<meta name=\"description\" content=\"L\u00e1mparas de dise\u00f1o en madera y en impresi\u00f3n 3d. Descubra nuestras l\u00e1mparas colgantes y de mesa. Somos L\u00f8vinne tu marca de referencia en Eco Dise\u00f1o.\" \/>\n<meta name=\"robots\" content=\"index, follow, max-snippet:-1, max-image-preview:large, max-video-preview:-1\" \/>\n<link rel=\"canonical\" href=\"https:\/\/lovinne.es\/index.php\/product\/lampara-de-diseno-lampara-de-mesa-de-madera-juno-negra\/\" \/>\n<meta property=\"og:locale\" content=\"es_ES\" \/>\n<meta property=\"og:type\" content=\"article\" \/>\n<meta property=\"og:title\" content=\"L\u00e1mpara de mesa de madera Juno Negra - Lovinne\" \/>\n<meta property=\"og:description\" content=\"L\u00e1mparas de dise\u00f1o en madera y en impresi\u00f3n 3d. Descubra nuestras l\u00e1mparas colgantes y de mesa. Somos L\u00f8vinne tu marca de referencia en Eco Dise\u00f1o.\" \/>\n<meta property=\"og:url\" content=\"https:\/\/lovinne.es\/index.php\/product\/lampara-de-diseno-lampara-de-mesa-de-madera-juno-negra\/\" \/>\n<meta property=\"og:site_name\" content=\"Lovinne\" \/>\n<meta property=\"article:modified_time\" content=\"2025-12-31T11:14:35+00:00\" \/>\n<meta property=\"og:image\" content=\"https:\/\/lovinne.es\/wp-content\/uploads\/2023\/04\/28022023_Lovinne-117-Editar-1024x1024.png\" \/>\n\t<meta property=\"og:image:width\" content=\"1024\" \/>\n\t<meta property=\"og:image:height\" content=\"1024\" \/>\n\t<meta property=\"og:image:type\" content=\"image\/png\" \/>\n<meta name=\"twitter:card\" content=\"summary_large_image\" \/>\n<meta name=\"twitter:label1\" content=\"Tiempo de lectura\" \/>\n\t<meta name=\"twitter:data1\" content=\"2 minutos\" \/>\n<script type=\"application\/ld+json\" class=\"yoast-schema-graph\">{\"@context\":\"https:\/\/schema.org\",\"@graph\":[{\"@type\":\"WebPage\",\"@id\":\"https:\/\/lovinne.es\/index.php\/product\/lampara-de-diseno-lampara-de-mesa-de-madera-juno-negra\/\",\"url\":\"https:\/\/lovinne.es\/index.php\/product\/lampara-de-diseno-lampara-de-mesa-de-madera-juno-negra\/\",\"name\":\"L\u00e1mpara de mesa de madera Juno Negra - Lovinne\",\"isPartOf\":{\"@id\":\"https:\/\/lovinne.es\/#website\"},\"primaryImageOfPage\":{\"@id\":\"https:\/\/lovinne.es\/index.php\/product\/lampara-de-diseno-lampara-de-mesa-de-madera-juno-negra\/#primaryimage\"},\"image\":{\"@id\":\"https:\/\/lovinne.es\/index.php\/product\/lampara-de-diseno-lampara-de-mesa-de-madera-juno-negra\/#primaryimage\"},\"thumbnailUrl\":\"https:\/\/lovinne.es\/wp-content\/uploads\/2023\/04\/28022023_Lovinne-117-Editar.png\",\"datePublished\":\"2023-04-09T20:10:29+00:00\",\"dateModified\":\"2025-12-31T11:14:35+00:00\",\"description\":\"L\u00e1mparas de dise\u00f1o en madera y en impresi\u00f3n 3d. Descubra nuestras l\u00e1mparas colgantes y de mesa. Somos L\u00f8vinne tu marca de referencia en Eco Dise\u00f1o.\",\"breadcrumb\":{\"@id\":\"https:\/\/lovinne.es\/index.php\/product\/lampara-de-diseno-lampara-de-mesa-de-madera-juno-negra\/#breadcrumb\"},\"inLanguage\":\"es\",\"potentialAction\":[{\"@type\":\"ReadAction\",\"target\":[\"https:\/\/lovinne.es\/index.php\/product\/lampara-de-diseno-lampara-de-mesa-de-madera-juno-negra\/\"]}]},{\"@type\":\"ImageObject\",\"inLanguage\":\"es\",\"@id\":\"https:\/\/lovinne.es\/index.php\/product\/lampara-de-diseno-lampara-de-mesa-de-madera-juno-negra\/#primaryimage\",\"url\":\"https:\/\/lovinne.es\/wp-content\/uploads\/2023\/04\/28022023_Lovinne-117-Editar.png\",\"contentUrl\":\"https:\/\/lovinne.es\/wp-content\/uploads\/2023\/04\/28022023_Lovinne-117-Editar.png\",\"width\":2560,\"height\":2560},{\"@type\":\"BreadcrumbList\",\"@id\":\"https:\/\/lovinne.es\/index.php\/product\/lampara-de-diseno-lampara-de-mesa-de-madera-juno-negra\/#breadcrumb\",\"itemListElement\":[{\"@type\":\"ListItem\",\"position\":1,\"name\":\"Portada\",\"item\":\"https:\/\/lovinne.es\/\"},{\"@type\":\"ListItem\",\"position\":2,\"name\":\"Store\",\"item\":\"https:\/\/lovinne.es\/index.php\/store\/\"},{\"@type\":\"ListItem\",\"position\":3,\"name\":\"L\u00e1mpara de mesa de madera Juno Negra\"}]},{\"@type\":\"WebSite\",\"@id\":\"https:\/\/lovinne.es\/#website\",\"url\":\"https:\/\/lovinne.es\/\",\"name\":\"L\u00f8vinne | L\u00e1mparas de dise\u00f1o\",\"description\":\"L\u00e1mparas de dise\u00f1o\",\"publisher\":{\"@id\":\"https:\/\/lovinne.es\/#\/schema\/person\/89aab74e7ca1f06240e6035161224df0\"},\"potentialAction\":[{\"@type\":\"SearchAction\",\"target\":{\"@type\":\"EntryPoint\",\"urlTemplate\":\"https:\/\/lovinne.es\/?s={search_term_string}\"},\"query-input\":{\"@type\":\"PropertyValueSpecification\",\"valueRequired\":true,\"valueName\":\"search_term_string\"}}],\"inLanguage\":\"es\"},{\"@type\":[\"Person\",\"Organization\"],\"@id\":\"https:\/\/lovinne.es\/#\/schema\/person\/89aab74e7ca1f06240e6035161224df0\",\"name\":\"Nadia Bourlot\",\"image\":{\"@type\":\"ImageObject\",\"inLanguage\":\"es\",\"@id\":\"https:\/\/lovinne.es\/#\/schema\/person\/image\/\",\"url\":\"https:\/\/lovinne.es\/wp-content\/uploads\/2023\/03\/cropped-LOGO.png\",\"contentUrl\":\"https:\/\/lovinne.es\/wp-content\/uploads\/2023\/03\/cropped-LOGO.png\",\"width\":1578,\"height\":314,\"caption\":\"Nadia Bourlot\"},\"logo\":{\"@id\":\"https:\/\/lovinne.es\/#\/schema\/person\/image\/\"}}]}<\/script>\n<!-- \/ Yoast SEO plugin. -->","yoast_head_json":{"title":"L\u00e1mpara de mesa de madera Juno Negra - Lovinne","description":"L\u00e1mparas de dise\u00f1o en madera y en impresi\u00f3n 3d. Descubra nuestras l\u00e1mparas colgantes y de mesa. Somos L\u00f8vinne tu marca de referencia en Eco Dise\u00f1o.","robots":{"index":"index","follow":"follow","max-snippet":"max-snippet:-1","max-image-preview":"max-image-preview:large","max-video-preview":"max-video-preview:-1"},"canonical":"https:\/\/lovinne.es\/index.php\/product\/lampara-de-diseno-lampara-de-mesa-de-madera-juno-negra\/","og_locale":"es_ES","og_type":"article","og_title":"L\u00e1mpara de mesa de madera Juno Negra - Lovinne","og_description":"L\u00e1mparas de dise\u00f1o en madera y en impresi\u00f3n 3d. Descubra nuestras l\u00e1mparas colgantes y de mesa. Somos L\u00f8vinne tu marca de referencia en Eco Dise\u00f1o.","og_url":"https:\/\/lovinne.es\/index.php\/product\/lampara-de-diseno-lampara-de-mesa-de-madera-juno-negra\/","og_site_name":"Lovinne","article_modified_time":"2025-12-31T11:14:35+00:00","og_image":[{"width":1024,"height":1024,"url":"https:\/\/lovinne.es\/wp-content\/uploads\/2023\/04\/28022023_Lovinne-117-Editar-1024x1024.png","type":"image\/png"}],"twitter_card":"summary_large_image","twitter_misc":{"Tiempo de lectura":"2 minutos"},"schema":{"@context":"https:\/\/schema.org","@graph":[{"@type":"WebPage","@id":"https:\/\/lovinne.es\/index.php\/product\/lampara-de-diseno-lampara-de-mesa-de-madera-juno-negra\/","url":"https:\/\/lovinne.es\/index.php\/product\/lampara-de-diseno-lampara-de-mesa-de-madera-juno-negra\/","name":"L\u00e1mpara de mesa de madera Juno Negra - Lovinne","isPartOf":{"@id":"https:\/\/lovinne.es\/#website"},"primaryImageOfPage":{"@id":"https:\/\/lovinne.es\/index.php\/product\/lampara-de-diseno-lampara-de-mesa-de-madera-juno-negra\/#primaryimage"},"image":{"@id":"https:\/\/lovinne.es\/index.php\/product\/lampara-de-diseno-lampara-de-mesa-de-madera-juno-negra\/#primaryimage"},"thumbnailUrl":"https:\/\/lovinne.es\/wp-content\/uploads\/2023\/04\/28022023_Lovinne-117-Editar.png","datePublished":"2023-04-09T20:10:29+00:00","dateModified":"2025-12-31T11:14:35+00:00","description":"L\u00e1mparas de dise\u00f1o en madera y en impresi\u00f3n 3d. Descubra nuestras l\u00e1mparas colgantes y de mesa. Somos L\u00f8vinne tu marca de referencia en Eco Dise\u00f1o.","breadcrumb":{"@id":"https:\/\/lovinne.es\/index.php\/product\/lampara-de-diseno-lampara-de-mesa-de-madera-juno-negra\/#breadcrumb"},"inLanguage":"es","potentialAction":[{"@type":"ReadAction","target":["https:\/\/lovinne.es\/index.php\/product\/lampara-de-diseno-lampara-de-mesa-de-madera-juno-negra\/"]}]},{"@type":"ImageObject","inLanguage":"es","@id":"https:\/\/lovinne.es\/index.php\/product\/lampara-de-diseno-lampara-de-mesa-de-madera-juno-negra\/#primaryimage","url":"https:\/\/lovinne.es\/wp-content\/uploads\/2023\/04\/28022023_Lovinne-117-Editar.png","contentUrl":"https:\/\/lovinne.es\/wp-content\/uploads\/2023\/04\/28022023_Lovinne-117-Editar.png","width":2560,"height":2560},{"@type":"BreadcrumbList","@id":"https:\/\/lovinne.es\/index.php\/product\/lampara-de-diseno-lampara-de-mesa-de-madera-juno-negra\/#breadcrumb","itemListElement":[{"@type":"ListItem","position":1,"name":"Portada","item":"https:\/\/lovinne.es\/"},{"@type":"ListItem","position":2,"name":"Store","item":"https:\/\/lovinne.es\/index.php\/store\/"},{"@type":"ListItem","position":3,"name":"L\u00e1mpara de mesa de madera Juno Negra"}]},{"@type":"WebSite","@id":"https:\/\/lovinne.es\/#website","url":"https:\/\/lovinne.es\/","name":"L\u00f8vinne | L\u00e1mparas de dise\u00f1o","description":"L\u00e1mparas de dise\u00f1o","publisher":{"@id":"https:\/\/lovinne.es\/#\/schema\/person\/89aab74e7ca1f06240e6035161224df0"},"potentialAction":[{"@type":"SearchAction","target":{"@type":"EntryPoint","urlTemplate":"https:\/\/lovinne.es\/?s={search_term_string}"},"query-input":{"@type":"PropertyValueSpecification","valueRequired":true,"valueName":"search_term_string"}}],"inLanguage":"es"},{"@type":["Person","Organization"],"@id":"https:\/\/lovinne.es\/#\/schema\/person\/89aab74e7ca1f06240e6035161224df0","name":"Nadia Bourlot","image":{"@type":"ImageObject","inLanguage":"es","@id":"https:\/\/lovinne.es\/#\/schema\/person\/image\/","url":"https:\/\/lovinne.es\/wp-content\/uploads\/2023\/03\/cropped-LOGO.png","contentUrl":"https:\/\/lovinne.es\/wp-content\/uploads\/2023\/03\/cropped-LOGO.png","width":1578,"height":314,"caption":"Nadia Bourlot"},"logo":{"@id":"https:\/\/lovinne.es\/#\/schema\/person\/image\/"}}]}},"_links":{"self":[{"href":"https:\/\/lovinne.es\/index.php\/wp-json\/wp\/v2\/product\/3779","targetHints":{"allow":["GET"]}}],"collection":[{"href":"https:\/\/lovinne.es\/index.php\/wp-json\/wp\/v2\/product"}],"about":[{"href":"https:\/\/lovinne.es\/index.php\/wp-json\/wp\/v2\/types\/product"}],"version-history":[{"count":12,"href":"https:\/\/lovinne.es\/index.php\/wp-json\/wp\/v2\/product\/3779\/revisions"}],"predecessor-version":[{"id":5295,"href":"https:\/\/lovinne.es\/index.php\/wp-json\/wp\/v2\/product\/3779\/revisions\/5295"}],"wp:featuredmedia":[{"embeddable":true,"href":"https:\/\/lovinne.es\/index.php\/wp-json\/wp\/v2\/media\/3697"}],"wp:attachment":[{"href":"https:\/\/lovinne.es\/index.php\/wp-json\/wp\/v2\/media?parent=3779"}],"wp:term":[{"taxonomy":"product_brand","embeddable":true,"href":"https:\/\/lovinne.es\/index.php\/wp-json\/wp\/v2\/product_brand?post=3779"},{"taxonomy":"product_cat","embeddable":true,"href":"https:\/\/lovinne.es\/index.php\/wp-json\/wp\/v2\/product_cat?post=3779"},{"taxonomy":"product_tag","embeddable":true,"href":"https:\/\/lovinne.es\/index.php\/wp-json\/wp\/v2\/product_tag?post=3779"}],"curies":[{"name":"wp","href":"https:\/\/api.w.org\/{rel}","templated":true}]}}