{"id":4311,"date":"2024-09-12T17:43:33","date_gmt":"2024-09-12T17:43:33","guid":{"rendered":"https:\/\/lovinne.es\/?post_type=product&#038;p=4311"},"modified":"2026-02-09T15:07:52","modified_gmt":"2026-02-09T15:07:52","slug":"jarron-de-diseno-terra","status":"publish","type":"product","link":"https:\/\/lovinne.es\/index.php\/product\/jarron-de-diseno-terra\/","title":{"rendered":"Jarr\u00f3n de dise\u00f1o TERRA"},"content":{"rendered":"<p><span class=\"fontstyle0\">Material: rPLA biopol\u00edmero derivado biol\u00f3gico de almid\u00f3n de ma\u00edz y residuos de envases de alimentos reciclados, de acabado mate.<br \/>\nAlto: M:152| L:180mm<br \/>\nDi\u00e1metro mayor: M:190| L:220mm<br \/>\n<\/span>Uso: interior\/semicubierto<br \/>\nCuidado del producto: Limpiar y lavar con agua fr\u00eda y jab\u00f3n suave. No apto para lavavajillas. No exponer a la luz solar directa<br \/>\nPa\u00eds de fabricaci\u00f3n: Espa\u00f1a.<\/p>\n<div>\n<div class=\"sc-dmctIk sc-kgTSHT lgtOJR dHnDJc sc-dGQEGF gCaqnl\">\n<div class=\"sc-hHTYSt ehEgVP collapsible_content\">\n<section class=\"sc-jSUZER efdCtz sc-jWOkvS fEWbsj\">\n<section class=\"sc-bRlCZA cSdtzj\">\n<div class=\"sc-dkcEsn kFfXdH yst-replacevar\">\n<div class=\"sc-dsHJmm sc-gGWvLE sc-jhnTcL gxJBny VHEaa emlrhd yst-replacevar__editor\">\n<div class=\"DraftEditor-root\">\n<div class=\"DraftEditor-editorContainer\">\n<div id=\"yoast-google-preview-description-metabox\" class=\"notranslate public-DraftEditor-content\" role=\"combobox\" contenteditable=\"true\" spellcheck=\"true\" aria-autocomplete=\"list\" aria-expanded=\"false\" aria-labelledby=\"replacement-variable-editor-field-12\">\n<div data-contents=\"true\">\n<div class=\"\" data-block=\"true\" data-editor=\"4ms0f\" data-offset-key=\"85gnf-0-0\">\n<div class=\"public-DraftStyleDefault-block public-DraftStyleDefault-ltr\" data-offset-key=\"85gnf-0-0\">\n<div class=\"public-DraftStyleDefault-block public-DraftStyleDefault-ltr\" data-offset-key=\"85gnf-0-0\"><span data-offset-key=\"85gnf-0-0\">Imagina un jarr\u00f3n moderno y org\u00e1nico, con l\u00edneas suaves y curvas que evocan la fluidez de la naturaleza. Su elegancia lo convierte en un objeto de decoraci\u00f3n que se adapta a cualquier hogar, aportando calidez, color y buen dise\u00f1o.<\/span><\/div>\n<div data-offset-key=\"85gnf-0-0\">Sus dimensiones pueden escalarse, no dudes en consultarnos.<\/div>\n<div data-offset-key=\"85gnf-0-0\">Tenga en cuenta que cualquiera pieza puede tener peque\u00f1as irregularidades en las superficies o en el patr\u00f3n, derivado de la naturaleza de la impresi\u00f3n 3D. No son defectos, es una parte normal del proceso de fabricaci\u00f3n. Cada pieza esta inspeccionada al 100% antes de enviarla.<\/div>\n<div data-offset-key=\"85gnf-0-0\">El material utilizado es PLA reciclado, esto no quiere decir que sea biodegradable, sino m\u00e1s bien biocompostable.<\/div>\n<div data-offset-key=\"85gnf-0-0\"><\/div>\n<div>\n<div class=\"sc-dmctIk sc-kgTSHT lgtOJR dHnDJc sc-dGQEGF gCaqnl\">\n<div class=\"sc-hHTYSt ehEgVP collapsible_content\">\n<section class=\"sc-jSUZER efdCtz sc-jWOkvS fEWbsj\">\n<section class=\"sc-bRlCZA cSdtzj\">\n<div class=\"sc-dkcEsn kFfXdH yst-replacevar\">\n<div class=\"sc-dsHJmm sc-gGWvLE sc-jhnTcL gxJBny VHEaa emlrhd yst-replacevar__editor\">\n<div class=\"DraftEditor-root\">\n<div class=\"DraftEditor-editorContainer\">\n<div id=\"yoast-google-preview-description-metabox\" class=\"notranslate public-DraftEditor-content\" role=\"combobox\" contenteditable=\"true\" spellcheck=\"true\" aria-autocomplete=\"list\" aria-expanded=\"false\" aria-labelledby=\"replacement-variable-editor-field-12\">\n<div class=\"product__feature__icon__container\">\n<div class=\"product__feature__heading\">\n<h5>Plazo de entrega: 2 semanas<\/h5>\n<\/div>\n<\/div>\n<div class=\"product__feature__text\">\n<p>En L\u00f8vinne no tenemos un stock de productos, cada pieza esta construida solo para ti. De esta manera ayudamos a que no se provoquen desperdicios y de manera m\u00e1s eficiente.<\/p>\n<\/div>\n<\/div>\n<\/div>\n<\/div>\n<\/div>\n<\/div>\n<\/section>\n<\/section>\n<\/div>\n<\/div>\n<\/div>\n<\/div>\n<\/div>\n<\/div>\n<\/div>\n<\/div>\n<\/div>\n<\/div>\n<\/div>\n<\/section>\n<\/section>\n<\/div>\n<\/div>\n<\/div>\n<div>\n<div class=\"sc-dmctIk sc-kgTSHT lgtOJR dHnDJc sc-hjjlnc waXzm\">\n<h2 class=\"sc-bwsPYA ddtaAV\"><\/h2>\n<\/div>\n<\/div>\n<p>&nbsp;<\/p>\n<p>&nbsp;<\/p>\n","protected":false},"excerpt":{"rendered":"<p>Jarr\u00f3n de dise\u00f1o TERRA<\/p>\n","protected":false},"featured_media":5178,"template":"","meta":{"site-sidebar-layout":"default","site-content-layout":"default","ast-main-header-display":"","ast-hfb-above-header-display":"","ast-hfb-below-header-display":"","ast-hfb-mobile-header-display":"","site-post-title":"","ast-breadcrumbs-content":"","ast-featured-img":"","footer-sml-layout":"","theme-transparent-header-meta":"default","adv-header-id-meta":"","stick-header-meta":"","header-above-stick-meta":"","header-main-stick-meta":"","header-below-stick-meta":""},"product_brand":[],"product_cat":[95],"product_tag":[],"class_list":{"0":"post-4311","1":"product","2":"type-product","3":"status-publish","4":"has-post-thumbnail","6":"product_cat-objetos-decoracion","8":"first","9":"instock","10":"shipping-taxable","11":"purchasable","12":"product-type-variable","13":"add-to-wishlist-before_image"},"yoast_head":"<!-- This site is optimized with the Yoast SEO plugin v25.5 - https:\/\/yoast.com\/wordpress\/plugins\/seo\/ -->\n<title>Jarr\u00f3n de dise\u00f1o TERRA - Lovinne<\/title>\n<meta name=\"description\" content=\"Imagina un jarr\u00f3n moderno y org\u00e1nico, con l\u00edneas suaves y curvas que evocan la fluidez de la naturaleza. Lovinne Jarr\u00f3n de dise\u00f1o TERRA\" \/>\n<meta name=\"robots\" content=\"index, follow, max-snippet:-1, max-image-preview:large, max-video-preview:-1\" \/>\n<link rel=\"canonical\" href=\"https:\/\/lovinne.es\/index.php\/product\/jarron-de-diseno-terra\/\" \/>\n<meta property=\"og:locale\" content=\"es_ES\" \/>\n<meta property=\"og:type\" content=\"article\" \/>\n<meta property=\"og:title\" content=\"Jarr\u00f3n de dise\u00f1o TERRA - Lovinne\" \/>\n<meta property=\"og:description\" content=\"Imagina un jarr\u00f3n moderno y org\u00e1nico, con l\u00edneas suaves y curvas que evocan la fluidez de la naturaleza. Lovinne Jarr\u00f3n de dise\u00f1o TERRA\" \/>\n<meta property=\"og:url\" content=\"https:\/\/lovinne.es\/index.php\/product\/jarron-de-diseno-terra\/\" \/>\n<meta property=\"og:site_name\" content=\"Lovinne\" \/>\n<meta property=\"article:modified_time\" content=\"2026-02-09T15:07:52+00:00\" \/>\n<meta property=\"og:image\" content=\"https:\/\/lovinne.es\/wp-content\/uploads\/2024\/09\/IMG_1382_premium_mockup.webp\" \/>\n\t<meta property=\"og:image:width\" content=\"816\" \/>\n\t<meta property=\"og:image:height\" content=\"1224\" \/>\n\t<meta property=\"og:image:type\" content=\"image\/webp\" \/>\n<meta name=\"twitter:card\" content=\"summary_large_image\" \/>\n<meta name=\"twitter:label1\" content=\"Tiempo de lectura\" \/>\n\t<meta name=\"twitter:data1\" content=\"2 minutos\" \/>\n<script type=\"application\/ld+json\" class=\"yoast-schema-graph\">{\"@context\":\"https:\/\/schema.org\",\"@graph\":[{\"@type\":\"WebPage\",\"@id\":\"https:\/\/lovinne.es\/index.php\/product\/jarron-de-diseno-terra\/\",\"url\":\"https:\/\/lovinne.es\/index.php\/product\/jarron-de-diseno-terra\/\",\"name\":\"Jarr\u00f3n de dise\u00f1o TERRA - Lovinne\",\"isPartOf\":{\"@id\":\"https:\/\/lovinne.es\/#website\"},\"primaryImageOfPage\":{\"@id\":\"https:\/\/lovinne.es\/index.php\/product\/jarron-de-diseno-terra\/#primaryimage\"},\"image\":{\"@id\":\"https:\/\/lovinne.es\/index.php\/product\/jarron-de-diseno-terra\/#primaryimage\"},\"thumbnailUrl\":\"https:\/\/lovinne.es\/wp-content\/uploads\/2024\/09\/IMG_1382_premium_mockup.webp\",\"datePublished\":\"2024-09-12T17:43:33+00:00\",\"dateModified\":\"2026-02-09T15:07:52+00:00\",\"description\":\"Imagina un jarr\u00f3n moderno y org\u00e1nico, con l\u00edneas suaves y curvas que evocan la fluidez de la naturaleza. Lovinne Jarr\u00f3n de dise\u00f1o TERRA\",\"breadcrumb\":{\"@id\":\"https:\/\/lovinne.es\/index.php\/product\/jarron-de-diseno-terra\/#breadcrumb\"},\"inLanguage\":\"es\",\"potentialAction\":[{\"@type\":\"ReadAction\",\"target\":[\"https:\/\/lovinne.es\/index.php\/product\/jarron-de-diseno-terra\/\"]}]},{\"@type\":\"ImageObject\",\"inLanguage\":\"es\",\"@id\":\"https:\/\/lovinne.es\/index.php\/product\/jarron-de-diseno-terra\/#primaryimage\",\"url\":\"https:\/\/lovinne.es\/wp-content\/uploads\/2024\/09\/IMG_1382_premium_mockup.webp\",\"contentUrl\":\"https:\/\/lovinne.es\/wp-content\/uploads\/2024\/09\/IMG_1382_premium_mockup.webp\",\"width\":816,\"height\":1224},{\"@type\":\"BreadcrumbList\",\"@id\":\"https:\/\/lovinne.es\/index.php\/product\/jarron-de-diseno-terra\/#breadcrumb\",\"itemListElement\":[{\"@type\":\"ListItem\",\"position\":1,\"name\":\"Portada\",\"item\":\"https:\/\/lovinne.es\/\"},{\"@type\":\"ListItem\",\"position\":2,\"name\":\"Store\",\"item\":\"https:\/\/lovinne.es\/index.php\/store\/\"},{\"@type\":\"ListItem\",\"position\":3,\"name\":\"Jarr\u00f3n de dise\u00f1o TERRA\"}]},{\"@type\":\"WebSite\",\"@id\":\"https:\/\/lovinne.es\/#website\",\"url\":\"https:\/\/lovinne.es\/\",\"name\":\"L\u00f8vinne | L\u00e1mparas de dise\u00f1o\",\"description\":\"L\u00e1mparas de dise\u00f1o\",\"publisher\":{\"@id\":\"https:\/\/lovinne.es\/#\/schema\/person\/89aab74e7ca1f06240e6035161224df0\"},\"potentialAction\":[{\"@type\":\"SearchAction\",\"target\":{\"@type\":\"EntryPoint\",\"urlTemplate\":\"https:\/\/lovinne.es\/?s={search_term_string}\"},\"query-input\":{\"@type\":\"PropertyValueSpecification\",\"valueRequired\":true,\"valueName\":\"search_term_string\"}}],\"inLanguage\":\"es\"},{\"@type\":[\"Person\",\"Organization\"],\"@id\":\"https:\/\/lovinne.es\/#\/schema\/person\/89aab74e7ca1f06240e6035161224df0\",\"name\":\"Nadia Bourlot\",\"image\":{\"@type\":\"ImageObject\",\"inLanguage\":\"es\",\"@id\":\"https:\/\/lovinne.es\/#\/schema\/person\/image\/\",\"url\":\"https:\/\/lovinne.es\/wp-content\/uploads\/2023\/03\/cropped-LOGO.png\",\"contentUrl\":\"https:\/\/lovinne.es\/wp-content\/uploads\/2023\/03\/cropped-LOGO.png\",\"width\":1578,\"height\":314,\"caption\":\"Nadia Bourlot\"},\"logo\":{\"@id\":\"https:\/\/lovinne.es\/#\/schema\/person\/image\/\"}}]}<\/script>\n<!-- \/ Yoast SEO plugin. -->","yoast_head_json":{"title":"Jarr\u00f3n de dise\u00f1o TERRA - Lovinne","description":"Imagina un jarr\u00f3n moderno y org\u00e1nico, con l\u00edneas suaves y curvas que evocan la fluidez de la naturaleza. Lovinne Jarr\u00f3n de dise\u00f1o TERRA","robots":{"index":"index","follow":"follow","max-snippet":"max-snippet:-1","max-image-preview":"max-image-preview:large","max-video-preview":"max-video-preview:-1"},"canonical":"https:\/\/lovinne.es\/index.php\/product\/jarron-de-diseno-terra\/","og_locale":"es_ES","og_type":"article","og_title":"Jarr\u00f3n de dise\u00f1o TERRA - Lovinne","og_description":"Imagina un jarr\u00f3n moderno y org\u00e1nico, con l\u00edneas suaves y curvas que evocan la fluidez de la naturaleza. Lovinne Jarr\u00f3n de dise\u00f1o TERRA","og_url":"https:\/\/lovinne.es\/index.php\/product\/jarron-de-diseno-terra\/","og_site_name":"Lovinne","article_modified_time":"2026-02-09T15:07:52+00:00","og_image":[{"width":816,"height":1224,"url":"https:\/\/lovinne.es\/wp-content\/uploads\/2024\/09\/IMG_1382_premium_mockup.webp","type":"image\/webp"}],"twitter_card":"summary_large_image","twitter_misc":{"Tiempo de lectura":"2 minutos"},"schema":{"@context":"https:\/\/schema.org","@graph":[{"@type":"WebPage","@id":"https:\/\/lovinne.es\/index.php\/product\/jarron-de-diseno-terra\/","url":"https:\/\/lovinne.es\/index.php\/product\/jarron-de-diseno-terra\/","name":"Jarr\u00f3n de dise\u00f1o TERRA - Lovinne","isPartOf":{"@id":"https:\/\/lovinne.es\/#website"},"primaryImageOfPage":{"@id":"https:\/\/lovinne.es\/index.php\/product\/jarron-de-diseno-terra\/#primaryimage"},"image":{"@id":"https:\/\/lovinne.es\/index.php\/product\/jarron-de-diseno-terra\/#primaryimage"},"thumbnailUrl":"https:\/\/lovinne.es\/wp-content\/uploads\/2024\/09\/IMG_1382_premium_mockup.webp","datePublished":"2024-09-12T17:43:33+00:00","dateModified":"2026-02-09T15:07:52+00:00","description":"Imagina un jarr\u00f3n moderno y org\u00e1nico, con l\u00edneas suaves y curvas que evocan la fluidez de la naturaleza. Lovinne Jarr\u00f3n de dise\u00f1o TERRA","breadcrumb":{"@id":"https:\/\/lovinne.es\/index.php\/product\/jarron-de-diseno-terra\/#breadcrumb"},"inLanguage":"es","potentialAction":[{"@type":"ReadAction","target":["https:\/\/lovinne.es\/index.php\/product\/jarron-de-diseno-terra\/"]}]},{"@type":"ImageObject","inLanguage":"es","@id":"https:\/\/lovinne.es\/index.php\/product\/jarron-de-diseno-terra\/#primaryimage","url":"https:\/\/lovinne.es\/wp-content\/uploads\/2024\/09\/IMG_1382_premium_mockup.webp","contentUrl":"https:\/\/lovinne.es\/wp-content\/uploads\/2024\/09\/IMG_1382_premium_mockup.webp","width":816,"height":1224},{"@type":"BreadcrumbList","@id":"https:\/\/lovinne.es\/index.php\/product\/jarron-de-diseno-terra\/#breadcrumb","itemListElement":[{"@type":"ListItem","position":1,"name":"Portada","item":"https:\/\/lovinne.es\/"},{"@type":"ListItem","position":2,"name":"Store","item":"https:\/\/lovinne.es\/index.php\/store\/"},{"@type":"ListItem","position":3,"name":"Jarr\u00f3n de dise\u00f1o TERRA"}]},{"@type":"WebSite","@id":"https:\/\/lovinne.es\/#website","url":"https:\/\/lovinne.es\/","name":"L\u00f8vinne | L\u00e1mparas de dise\u00f1o","description":"L\u00e1mparas de dise\u00f1o","publisher":{"@id":"https:\/\/lovinne.es\/#\/schema\/person\/89aab74e7ca1f06240e6035161224df0"},"potentialAction":[{"@type":"SearchAction","target":{"@type":"EntryPoint","urlTemplate":"https:\/\/lovinne.es\/?s={search_term_string}"},"query-input":{"@type":"PropertyValueSpecification","valueRequired":true,"valueName":"search_term_string"}}],"inLanguage":"es"},{"@type":["Person","Organization"],"@id":"https:\/\/lovinne.es\/#\/schema\/person\/89aab74e7ca1f06240e6035161224df0","name":"Nadia Bourlot","image":{"@type":"ImageObject","inLanguage":"es","@id":"https:\/\/lovinne.es\/#\/schema\/person\/image\/","url":"https:\/\/lovinne.es\/wp-content\/uploads\/2023\/03\/cropped-LOGO.png","contentUrl":"https:\/\/lovinne.es\/wp-content\/uploads\/2023\/03\/cropped-LOGO.png","width":1578,"height":314,"caption":"Nadia Bourlot"},"logo":{"@id":"https:\/\/lovinne.es\/#\/schema\/person\/image\/"}}]}},"_links":{"self":[{"href":"https:\/\/lovinne.es\/index.php\/wp-json\/wp\/v2\/product\/4311","targetHints":{"allow":["GET"]}}],"collection":[{"href":"https:\/\/lovinne.es\/index.php\/wp-json\/wp\/v2\/product"}],"about":[{"href":"https:\/\/lovinne.es\/index.php\/wp-json\/wp\/v2\/types\/product"}],"version-history":[{"count":9,"href":"https:\/\/lovinne.es\/index.php\/wp-json\/wp\/v2\/product\/4311\/revisions"}],"predecessor-version":[{"id":5196,"href":"https:\/\/lovinne.es\/index.php\/wp-json\/wp\/v2\/product\/4311\/revisions\/5196"}],"wp:featuredmedia":[{"embeddable":true,"href":"https:\/\/lovinne.es\/index.php\/wp-json\/wp\/v2\/media\/5178"}],"wp:attachment":[{"href":"https:\/\/lovinne.es\/index.php\/wp-json\/wp\/v2\/media?parent=4311"}],"wp:term":[{"taxonomy":"product_brand","embeddable":true,"href":"https:\/\/lovinne.es\/index.php\/wp-json\/wp\/v2\/product_brand?post=4311"},{"taxonomy":"product_cat","embeddable":true,"href":"https:\/\/lovinne.es\/index.php\/wp-json\/wp\/v2\/product_cat?post=4311"},{"taxonomy":"product_tag","embeddable":true,"href":"https:\/\/lovinne.es\/index.php\/wp-json\/wp\/v2\/product_tag?post=4311"}],"curies":[{"name":"wp","href":"https:\/\/api.w.org\/{rel}","templated":true}]}}